{"id":141,"date":"2011-11-18T01:56:45","date_gmt":"2011-11-18T01:56:45","guid":{"rendered":"http:\/\/www.signosis.openworks.gr\/wastereuse\/?page_id=141"},"modified":"2011-12-08T22:51:31","modified_gmt":"2011-12-08T22:51:31","slug":"action-7-lca-and-risk-analysis","status":"publish","type":"page","link":"https:\/\/es.wastereuse.eu\/?page_id=141","title":{"rendered":"ACTUACI\u00d3N 7: ACV y an\u00e1lisis del riesgo"},"content":{"rendered":"<p>Beneficiario responsable: <span style=\"text-decoration: underline;\">Universidad t\u00e9cnica de Creta<\/span><\/p>\n<p>Esta actuaci\u00f3n tendr\u00e1 una duraci\u00f3n de 34 meses e ir\u00e1 dirigida al desarrollo de un an\u00e1lisis del ciclo de vida completo, considerando aspectos relacionados con el consumo de materias primas, la demanda energ\u00e9tica y las emisiones, as\u00ed como un an\u00e1lisis del riesgo en relaci\u00f3n con la fitotoxicidad y los posibles efectos cuantificados en t\u00e9rminos de agua y suelo mencionados en las actuaciones 3-4 as\u00ed como en las actuaciones 5-6.<\/p>\n<p>La actuaci\u00f3n persigue dos objetivos principales. En primer lugar, evaluar la viabilidad agr\u00edcola y medioambiental del uso de los residuos agr\u00edcolas en la producci\u00f3n de cultivos en campo abierto y en los cultivos protegidos en los pa\u00edses mediterr\u00e1neos; adem\u00e1s, se detectar\u00e1n las fases cr\u00edticas del sistema desde un punto de vista social y medioambiental mediante la utilizaci\u00f3n de la herramienta del ACV. La posible reducci\u00f3n de la huella de carbono es un tema al que se dar\u00e1 una especial relevancia. En segundo lugar, los resultados se comparar\u00e1n con las cargas asociadas al riego y a la fertilizaci\u00f3n mineral, de tal forma que se realice una evaluaci\u00f3n global y fiable de las actuaciones propuestas.<\/p>\n","protected":false},"excerpt":{"rendered":"<p>Beneficiario responsable: Universidad t\u00e9cnica de Creta Esta actuaci\u00f3n tendr\u00e1 una duraci\u00f3n de 34 meses e ir\u00e1 dirigida al desarrollo de un an\u00e1lisis del ciclo de vida completo, considerando aspectos relacionados con el consumo de materias primas, la demanda energ\u00e9tica y las emisiones, as\u00ed como un an\u00e1lisis del riesgo en relaci\u00f3n con la fitotoxicidad y los [&hellip;]<\/p>\n","protected":false},"author":1,"featured_media":0,"parent":35,"menu_order":0,"comment_status":"open","ping_status":"open","template":"","meta":[],"_links":{"self":[{"href":"https:\/\/es.wastereuse.eu\/index.php?rest_route=\/wp\/v2\/pages\/141"}],"collection":[{"href":"https:\/\/es.wastereuse.eu\/index.php?rest_route=\/wp\/v2\/pages"}],"about":[{"href":"https:\/\/es.wastereuse.eu\/index.php?rest_route=\/wp\/v2\/types\/page"}],"author":[{"embeddable":true,"href":"https:\/\/es.wastereuse.eu\/index.php?rest_route=\/wp\/v2\/users\/1"}],"replies":[{"embeddable":true,"href":"https:\/\/es.wastereuse.eu\/index.php?rest_route=%2Fwp%2Fv2%2Fcomments&post=141"}],"version-history":[{"count":1,"href":"https:\/\/es.wastereuse.eu\/index.php?rest_route=\/wp\/v2\/pages\/141\/revisions"}],"predecessor-version":[{"id":145,"href":"https:\/\/es.wastereuse.eu\/index.php?rest_route=\/wp\/v2\/pages\/141\/revisions\/145"}],"up":[{"embeddable":true,"href":"https:\/\/es.wastereuse.eu\/index.php?rest_route=\/wp\/v2\/pages\/35"}],"wp:attachment":[{"href":"https:\/\/es.wastereuse.eu\/index.php?rest_route=%2Fwp%2Fv2%2Fmedia&parent=141"}],"curies":[{"name":"wp","href":"https:\/\/api.w.org\/{rel}","templated":true}]}}